{"id":12865,"date":"2025-12-22T14:39:18","date_gmt":"2025-12-22T12:39:18","guid":{"rendered":"https:\/\/empresariosvelez.com\/directorio\/?post_type=job_listing&#038;p=12865"},"modified":"2026-03-16T13:00:08","modified_gmt":"2026-03-16T11:00:08","slug":"belen-pena-de-belicious","status":"publish","type":"job_listing","link":"https:\/\/empresariosvelez.com\/directorio\/listing\/belen-pena-de-belicious\/","title":{"rendered":"Bel\u00e9n Pe\u00f1a de Belicious"},"content":{"rendered":"<p>\ud83c\udf4e No necesitas dejar de comer, necesitas aprender a comer&#8230; Y ah\u00ed es donde entro yo \ud83e\udd0d<\/p>\n<p>Soy Bel\u00e9n y soy dietista, y te ayudo a alcanzar tus objetivos con un enfoque personalizado y realista, adaptado a ti y a tus necesidades:<\/p>\n<p>\ud83e\udd57 Control de peso (p\u00e9rdida o aumento)<br \/>\n\ud83d\udcaa Educaci\u00f3n alimentaria<br \/>\n\ud83e\ude7a Nutrici\u00f3n cl\u00ednica (hipertensi\u00f3n, colesterol, diabetes\u2026)<br \/>\n\ud83d\udcda Talleres personalizados en centros educativos<br \/>\n\ud83e\uddfe Planes personalizados as\u00ed como elaboraci\u00f3n de men\u00fas adaptados a tu estilo de vida<\/p>\n<p>No existen dietas milagrosas, existe una buena gu\u00eda.<br \/>\nY juntos podemos conseguirlo \ud83d\udc9a<\/p>\n<p>\ud83d\udccdTengo mi consulta en V\u00e9lez-M\u00e1laga<br \/>\n\ud83d\udcc5 Agenda tu cita y empieza a cuidarte desde hoy<br \/>\n\ud83d\udcde652 80 49 78<\/p>\n<p><a href=\"https:\/\/www.instagram.com\/explore\/tags\/nutrici%C3%B3n\/\">#Nutrici\u00f3n<\/a>\u00a0<a href=\"https:\/\/www.instagram.com\/explore\/tags\/dietistam%C3%A1laga\/\">#DietistaM\u00e1laga<\/a>\u00a0<a href=\"https:\/\/www.instagram.com\/explore\/tags\/v%C3%A9lezm%C3%A1laga\/\">#V\u00e9lezM\u00e1laga<\/a>\u00a0<a href=\"https:\/\/www.instagram.com\/explore\/tags\/aprenderacomer\/\">#AprenderAComer<\/a>\u00a0<a href=\"https:\/\/www.instagram.com\/explore\/tags\/vidasaludable\/\">#VidaSaludable<\/a>\u00a0<a href=\"https:\/\/www.instagram.com\/explore\/tags\/educaci%C3%B3nnutricional\/\">#Educaci\u00f3nNutricional<\/a>\u00a0<a href=\"https:\/\/www.instagram.com\/explore\/tags\/nutrici%C3%B3ncl%C3%ADnica\/\">#Nutrici\u00f3nCl\u00ednica<\/a>\u00a0<a href=\"https:\/\/www.instagram.com\/explore\/tags\/bienestar\/\">#Bienestar<\/a><\/p>\n","protected":false},"featured_media":12869,"comment_status":"open","ping_status":"closed","template":"","meta":{"_promoted":"","_job_location":"C. Porter\u00eda del Carmen, 2, 29700 V\u00e9lez-M\u00e1laga, M\u00e1laga","_company_website":"","_company_twitter":"","_company_video":"","_featured":0,"_job_salary":"","_job_salary_currency":"","_job_salary_unit":""},"listing_regions":[51],"listing_categories":[145],"listing_amenities":[],"class_list":["post-12865","job_listing","type-job_listing","status-publish","has-post-thumbnail","hentry","job_listing_region-velez-malaga","job_listing_category-salud-belleza"],"yoast_head":"<!-- This site is optimized with the Yoast SEO plugin v25.1 - https:\/\/yoast.com\/wordpress\/plugins\/seo\/ -->\n<title>Bel\u00e9n Pe\u00f1a de Belicious - Empresas asociadas a la ACEV<\/title>\n<meta name=\"robots\" content=\"index, follow, max-snippet:-1, max-image-preview:large, max-video-preview:-1\" \/>\n<link rel=\"canonical\" href=\"https:\/\/empresariosvelez.com\/directorio\/listing\/belen-pena-de-belicious\/\" \/>\n<meta property=\"og:locale\" content=\"es_ES\" \/>\n<meta property=\"og:type\" content=\"article\" \/>\n<meta property=\"og:title\" content=\"Bel\u00e9n Pe\u00f1a de Belicious - Empresas asociadas a la ACEV\" \/>\n<meta property=\"og:description\" content=\"\ud83c\udf4e No necesitas dejar de comer, necesitas aprender a comer&#8230; Y ah\u00ed es donde entro yo \ud83e\udd0d Soy Bel\u00e9n y soy dietista, y te ayudo a alcanzar tus objetivos con un enfoque personalizado y realista, adaptado a ti y a tus necesidades: \ud83e\udd57 Control de peso (p\u00e9rdida o aumento) \ud83d\udcaa Educaci\u00f3n alimentaria \ud83e\ude7a Nutrici\u00f3n cl\u00ednica [&hellip;]\" \/>\n<meta property=\"og:url\" content=\"https:\/\/empresariosvelez.com\/directorio\/listing\/belen-pena-de-belicious\/\" \/>\n<meta property=\"og:site_name\" content=\"Empresas asociadas a la ACEV\" \/>\n<meta property=\"article:publisher\" content=\"https:\/\/www.facebook.com\/ACEVempresariosvelez\" \/>\n<meta property=\"article:modified_time\" content=\"2026-03-16T11:00:08+00:00\" \/>\n<meta property=\"og:image\" content=\"https:\/\/empresariosvelez.com\/directorio\/wp-content\/uploads\/2025\/12\/WhatsApp-Image-2025-12-22-at-12.33.19.jpeg\" \/>\n\t<meta property=\"og:image:width\" content=\"945\" \/>\n\t<meta property=\"og:image:height\" content=\"1080\" \/>\n\t<meta property=\"og:image:type\" content=\"image\/jpeg\" \/>\n<meta name=\"twitter:card\" content=\"summary_large_image\" \/>\n<meta name=\"twitter:site\" content=\"@empresariosvlz\" \/>\n<meta name=\"twitter:label1\" content=\"Tiempo de lectura\" \/>\n\t<meta name=\"twitter:data1\" content=\"1 minuto\" \/>\n<script type=\"application\/ld+json\" class=\"yoast-schema-graph\">{\"@context\":\"https:\/\/schema.org\",\"@graph\":[{\"@type\":\"WebPage\",\"@id\":\"https:\/\/empresariosvelez.com\/directorio\/listing\/belen-pena-de-belicious\/\",\"url\":\"https:\/\/empresariosvelez.com\/directorio\/listing\/belen-pena-de-belicious\/\",\"name\":\"Bel\u00e9n Pe\u00f1a de Belicious - Empresas asociadas a la ACEV\",\"isPartOf\":{\"@id\":\"https:\/\/empresariosvelez.com\/directorio\/#website\"},\"primaryImageOfPage\":{\"@id\":\"https:\/\/empresariosvelez.com\/directorio\/listing\/belen-pena-de-belicious\/#primaryimage\"},\"image\":{\"@id\":\"https:\/\/empresariosvelez.com\/directorio\/listing\/belen-pena-de-belicious\/#primaryimage\"},\"thumbnailUrl\":\"https:\/\/empresariosvelez.com\/directorio\/wp-content\/uploads\/2025\/12\/WhatsApp-Image-2025-12-22-at-12.33.19.jpeg\",\"datePublished\":\"2025-12-22T12:39:18+00:00\",\"dateModified\":\"2026-03-16T11:00:08+00:00\",\"breadcrumb\":{\"@id\":\"https:\/\/empresariosvelez.com\/directorio\/listing\/belen-pena-de-belicious\/#breadcrumb\"},\"inLanguage\":\"es\",\"potentialAction\":[{\"@type\":\"ReadAction\",\"target\":[\"https:\/\/empresariosvelez.com\/directorio\/listing\/belen-pena-de-belicious\/\"]}]},{\"@type\":\"ImageObject\",\"inLanguage\":\"es\",\"@id\":\"https:\/\/empresariosvelez.com\/directorio\/listing\/belen-pena-de-belicious\/#primaryimage\",\"url\":\"https:\/\/empresariosvelez.com\/directorio\/wp-content\/uploads\/2025\/12\/WhatsApp-Image-2025-12-22-at-12.33.19.jpeg\",\"contentUrl\":\"https:\/\/empresariosvelez.com\/directorio\/wp-content\/uploads\/2025\/12\/WhatsApp-Image-2025-12-22-at-12.33.19.jpeg\",\"width\":945,\"height\":1080},{\"@type\":\"BreadcrumbList\",\"@id\":\"https:\/\/empresariosvelez.com\/directorio\/listing\/belen-pena-de-belicious\/#breadcrumb\",\"itemListElement\":[{\"@type\":\"ListItem\",\"position\":1,\"name\":\"Portada\",\"item\":\"https:\/\/empresariosvelez.com\/directorio\/\"},{\"@type\":\"ListItem\",\"position\":2,\"name\":\"Listings\",\"item\":\"https:\/\/empresariosvelez.com\/directorio\/jobs\/\"},{\"@type\":\"ListItem\",\"position\":3,\"name\":\"Bel\u00e9n Pe\u00f1a de Belicious\"}]},{\"@type\":\"WebSite\",\"@id\":\"https:\/\/empresariosvelez.com\/directorio\/#website\",\"url\":\"https:\/\/empresariosvelez.com\/directorio\/\",\"name\":\"Empresas asociadas a la ACEV\",\"description\":\"Todo lo que necesitas, cerca de t\u00ed\",\"publisher\":{\"@id\":\"https:\/\/empresariosvelez.com\/directorio\/#organization\"},\"potentialAction\":[{\"@type\":\"SearchAction\",\"target\":{\"@type\":\"EntryPoint\",\"urlTemplate\":\"https:\/\/empresariosvelez.com\/directorio\/?s={search_term_string}\"},\"query-input\":{\"@type\":\"PropertyValueSpecification\",\"valueRequired\":true,\"valueName\":\"search_term_string\"}}],\"inLanguage\":\"es\"},{\"@type\":\"Organization\",\"@id\":\"https:\/\/empresariosvelez.com\/directorio\/#organization\",\"name\":\"Asociaci\u00f3n de Empresarios de V\u00e9lez-M\u00e1laga\",\"url\":\"https:\/\/empresariosvelez.com\/directorio\/\",\"logo\":{\"@type\":\"ImageObject\",\"inLanguage\":\"es\",\"@id\":\"https:\/\/empresariosvelez.com\/directorio\/#\/schema\/logo\/image\/\",\"url\":\"https:\/\/empresariosvelez.com\/directorio\/wp-content\/uploads\/2021\/02\/logo-acev-blanco-194.png\",\"contentUrl\":\"https:\/\/empresariosvelez.com\/directorio\/wp-content\/uploads\/2021\/02\/logo-acev-blanco-194.png\",\"width\":194,\"height\":76,\"caption\":\"Asociaci\u00f3n de Empresarios de V\u00e9lez-M\u00e1laga\"},\"image\":{\"@id\":\"https:\/\/empresariosvelez.com\/directorio\/#\/schema\/logo\/image\/\"},\"sameAs\":[\"https:\/\/www.facebook.com\/ACEVempresariosvelez\",\"https:\/\/x.com\/empresariosvlz\",\"https:\/\/www.instagram.com\/empresariosvelez\/\",\"https:\/\/www.linkedin.com\/company\/asociacion-de-empresarios-de-velez-malaga-acev\/\"]}]}<\/script>\n<!-- \/ Yoast SEO plugin. -->","yoast_head_json":{"title":"Bel\u00e9n Pe\u00f1a de Belicious - Empresas asociadas a la ACEV","robots":{"index":"index","follow":"follow","max-snippet":"max-snippet:-1","max-image-preview":"max-image-preview:large","max-video-preview":"max-video-preview:-1"},"canonical":"https:\/\/empresariosvelez.com\/directorio\/listing\/belen-pena-de-belicious\/","og_locale":"es_ES","og_type":"article","og_title":"Bel\u00e9n Pe\u00f1a de Belicious - Empresas asociadas a la ACEV","og_description":"\ud83c\udf4e No necesitas dejar de comer, necesitas aprender a comer&#8230; Y ah\u00ed es donde entro yo \ud83e\udd0d Soy Bel\u00e9n y soy dietista, y te ayudo a alcanzar tus objetivos con un enfoque personalizado y realista, adaptado a ti y a tus necesidades: \ud83e\udd57 Control de peso (p\u00e9rdida o aumento) \ud83d\udcaa Educaci\u00f3n alimentaria \ud83e\ude7a Nutrici\u00f3n cl\u00ednica [&hellip;]","og_url":"https:\/\/empresariosvelez.com\/directorio\/listing\/belen-pena-de-belicious\/","og_site_name":"Empresas asociadas a la ACEV","article_publisher":"https:\/\/www.facebook.com\/ACEVempresariosvelez","article_modified_time":"2026-03-16T11:00:08+00:00","og_image":[{"width":945,"height":1080,"url":"https:\/\/empresariosvelez.com\/directorio\/wp-content\/uploads\/2025\/12\/WhatsApp-Image-2025-12-22-at-12.33.19.jpeg","type":"image\/jpeg"}],"twitter_card":"summary_large_image","twitter_site":"@empresariosvlz","twitter_misc":{"Tiempo de lectura":"1 minuto"},"schema":{"@context":"https:\/\/schema.org","@graph":[{"@type":"WebPage","@id":"https:\/\/empresariosvelez.com\/directorio\/listing\/belen-pena-de-belicious\/","url":"https:\/\/empresariosvelez.com\/directorio\/listing\/belen-pena-de-belicious\/","name":"Bel\u00e9n Pe\u00f1a de Belicious - Empresas asociadas a la ACEV","isPartOf":{"@id":"https:\/\/empresariosvelez.com\/directorio\/#website"},"primaryImageOfPage":{"@id":"https:\/\/empresariosvelez.com\/directorio\/listing\/belen-pena-de-belicious\/#primaryimage"},"image":{"@id":"https:\/\/empresariosvelez.com\/directorio\/listing\/belen-pena-de-belicious\/#primaryimage"},"thumbnailUrl":"https:\/\/empresariosvelez.com\/directorio\/wp-content\/uploads\/2025\/12\/WhatsApp-Image-2025-12-22-at-12.33.19.jpeg","datePublished":"2025-12-22T12:39:18+00:00","dateModified":"2026-03-16T11:00:08+00:00","breadcrumb":{"@id":"https:\/\/empresariosvelez.com\/directorio\/listing\/belen-pena-de-belicious\/#breadcrumb"},"inLanguage":"es","potentialAction":[{"@type":"ReadAction","target":["https:\/\/empresariosvelez.com\/directorio\/listing\/belen-pena-de-belicious\/"]}]},{"@type":"ImageObject","inLanguage":"es","@id":"https:\/\/empresariosvelez.com\/directorio\/listing\/belen-pena-de-belicious\/#primaryimage","url":"https:\/\/empresariosvelez.com\/directorio\/wp-content\/uploads\/2025\/12\/WhatsApp-Image-2025-12-22-at-12.33.19.jpeg","contentUrl":"https:\/\/empresariosvelez.com\/directorio\/wp-content\/uploads\/2025\/12\/WhatsApp-Image-2025-12-22-at-12.33.19.jpeg","width":945,"height":1080},{"@type":"BreadcrumbList","@id":"https:\/\/empresariosvelez.com\/directorio\/listing\/belen-pena-de-belicious\/#breadcrumb","itemListElement":[{"@type":"ListItem","position":1,"name":"Portada","item":"https:\/\/empresariosvelez.com\/directorio\/"},{"@type":"ListItem","position":2,"name":"Listings","item":"https:\/\/empresariosvelez.com\/directorio\/jobs\/"},{"@type":"ListItem","position":3,"name":"Bel\u00e9n Pe\u00f1a de Belicious"}]},{"@type":"WebSite","@id":"https:\/\/empresariosvelez.com\/directorio\/#website","url":"https:\/\/empresariosvelez.com\/directorio\/","name":"Empresas asociadas a la ACEV","description":"Todo lo que necesitas, cerca de t\u00ed","publisher":{"@id":"https:\/\/empresariosvelez.com\/directorio\/#organization"},"potentialAction":[{"@type":"SearchAction","target":{"@type":"EntryPoint","urlTemplate":"https:\/\/empresariosvelez.com\/directorio\/?s={search_term_string}"},"query-input":{"@type":"PropertyValueSpecification","valueRequired":true,"valueName":"search_term_string"}}],"inLanguage":"es"},{"@type":"Organization","@id":"https:\/\/empresariosvelez.com\/directorio\/#organization","name":"Asociaci\u00f3n de Empresarios de V\u00e9lez-M\u00e1laga","url":"https:\/\/empresariosvelez.com\/directorio\/","logo":{"@type":"ImageObject","inLanguage":"es","@id":"https:\/\/empresariosvelez.com\/directorio\/#\/schema\/logo\/image\/","url":"https:\/\/empresariosvelez.com\/directorio\/wp-content\/uploads\/2021\/02\/logo-acev-blanco-194.png","contentUrl":"https:\/\/empresariosvelez.com\/directorio\/wp-content\/uploads\/2021\/02\/logo-acev-blanco-194.png","width":194,"height":76,"caption":"Asociaci\u00f3n de Empresarios de V\u00e9lez-M\u00e1laga"},"image":{"@id":"https:\/\/empresariosvelez.com\/directorio\/#\/schema\/logo\/image\/"},"sameAs":["https:\/\/www.facebook.com\/ACEVempresariosvelez","https:\/\/x.com\/empresariosvlz","https:\/\/www.instagram.com\/empresariosvelez\/","https:\/\/www.linkedin.com\/company\/asociacion-de-empresarios-de-velez-malaga-acev\/"]}]}},"_links":{"self":[{"href":"https:\/\/empresariosvelez.com\/directorio\/wp-json\/wp\/v2\/job-listings\/12865","targetHints":{"allow":["GET"]}}],"collection":[{"href":"https:\/\/empresariosvelez.com\/directorio\/wp-json\/wp\/v2\/job-listings"}],"about":[{"href":"https:\/\/empresariosvelez.com\/directorio\/wp-json\/wp\/v2\/types\/job_listing"}],"replies":[{"embeddable":true,"href":"https:\/\/empresariosvelez.com\/directorio\/wp-json\/wp\/v2\/comments?post=12865"}],"wp:featuredmedia":[{"embeddable":true,"href":"https:\/\/empresariosvelez.com\/directorio\/wp-json\/wp\/v2\/media\/12869"}],"wp:attachment":[{"href":"https:\/\/empresariosvelez.com\/directorio\/wp-json\/wp\/v2\/media?parent=12865"}],"wp:term":[{"taxonomy":"job_listing_region","embeddable":true,"href":"https:\/\/empresariosvelez.com\/directorio\/wp-json\/wp\/v2\/listing_regions?post=12865"},{"taxonomy":"job_listing_category","embeddable":true,"href":"https:\/\/empresariosvelez.com\/directorio\/wp-json\/wp\/v2\/listing_categories?post=12865"},{"taxonomy":"job_listing_amenity","embeddable":true,"href":"https:\/\/empresariosvelez.com\/directorio\/wp-json\/wp\/v2\/listing_amenities?post=12865"}],"curies":[{"name":"wp","href":"https:\/\/api.w.org\/{rel}","templated":true}]}}