{"id":11548,"date":"2021-12-20T14:02:17","date_gmt":"2021-12-20T12:02:17","guid":{"rendered":"https:\/\/empresariosvelez.com\/directorio\/?post_type=job_listing&#038;p=11548"},"modified":"2022-09-21T12:59:18","modified_gmt":"2022-09-21T10:59:18","slug":"la-bella-julieta","status":"publish","type":"job_listing","link":"https:\/\/empresariosvelez.com\/directorio\/listing\/la-bella-julieta\/","title":{"rendered":"La bella Julieta"},"content":{"rendered":"<div class=\"et_pb_module et_pb_text et_pb_text_0  et_pb_text_align_left et_pb_bg_layout_light\">\n<div class=\"et_pb_text_inner\">\n<h2>Nuestra Historia<\/h2>\n<\/div>\n<\/div>\n<div class=\"et_pb_module et_pb_text et_pb_text_1  et_pb_text_align_center et_pb_bg_layout_light\">\n<div class=\"et_pb_text_inner\">\n<p>La Bella Julieta nace de la mano de Eva Mostazo y Carlos P\u00e9rez, cuando ten\u00edan 23 y 25 a\u00f1os.<\/p>\n<p>Nunca se tuvo como objetivo abrir mas de una cafeter\u00eda, esto no era un proyecto ambicioso sino un deseo de renovar y mejorar la oferta de desayunos y meriendas de nuestra zona.<\/p>\n<p>La creatividad de Eva, y el buen hacer de Carlos , tercera generaci\u00f3n de panaderos , hacen esa combinaci\u00f3n que da como resultado el objetivo principal: poner al alcance de todo el p\u00fablico un buen caf\u00e9, panes de diferente tipo, pasteles elaborados con cari\u00f1o y un ambiente acogedor y quiz\u00e1 esa sea la magia de estar en La Bella Julieta.<\/p>\n<p>Cada apertura de un nuevo establecimiento se ha hecho por la demanda recibida por nuestro p\u00fablico y a d\u00eda de hoy han sido rechazadas propuestas de inversores y franquicias.<\/p>\n<p>Cada d\u00eda, de manera incansable, seguimos intentando mejorar tu \u201cmomento Julieta\u201d ofreciendo productos de la mejor calidad servidos con eficacia y amabilidad.<\/p>\n<p><img loading=\"lazy\" decoding=\"async\" class=\"wp-image-709 alignnone size-full jetpack-lazy-image jetpack-lazy-image--handled\" src=\"https:\/\/i0.wp.com\/labellajulieta.com\/wp-content\/uploads\/2020\/09\/Julieta_xx.png?resize=135%2C82&amp;ssl=1\" sizes=\"auto, (max-width: 135px) 100vw, 135px\" srcset=\"https:\/\/i0.wp.com\/labellajulieta.com\/wp-content\/uploads\/2020\/09\/Julieta_xx.png?w=318&amp;ssl=1 318w, https:\/\/i0.wp.com\/labellajulieta.com\/wp-content\/uploads\/2020\/09\/Julieta_xx.png?resize=300%2C182&amp;ssl=1 300w\" alt=\"\" width=\"135\" height=\"82\" data-recalc-dims=\"1\" data-lazy-loaded=\"1\" \/><\/p>\n<\/div>\n<\/div>\n","protected":false},"featured_media":12075,"comment_status":"open","ping_status":"closed","template":"","meta":{"_promoted":"","_job_location":"Av. de las Naciones, 16, 29700 V\u00e9lez-M\u00e1laga, M\u00e1laga","_company_website":"http:\/\/labellajulieta.com","_company_twitter":"","_company_video":"","_featured":0,"_job_salary":"","_job_salary_currency":"","_job_salary_unit":""},"listing_regions":[51],"listing_categories":[126],"listing_amenities":[42,47,69,41],"class_list":["post-11548","job_listing","type-job_listing","status-publish","has-post-thumbnail","hentry","job_listing_region-velez-malaga","job_listing_category-hosteleria-restaurantes","job_listing_amenity-accesible","job_listing_amenity-family-friendly","job_listing_amenity-atencion-personalizada","job_listing_amenity-accepts-credit-cards"],"yoast_head":"<!-- This site is optimized with the Yoast SEO plugin v25.1 - https:\/\/yoast.com\/wordpress\/plugins\/seo\/ -->\n<title>La bella Julieta - Empresas asociadas a la ACEV<\/title>\n<meta name=\"robots\" content=\"index, follow, max-snippet:-1, max-image-preview:large, max-video-preview:-1\" \/>\n<link rel=\"canonical\" href=\"https:\/\/empresariosvelez.com\/directorio\/listing\/la-bella-julieta\/\" \/>\n<meta property=\"og:locale\" content=\"es_ES\" \/>\n<meta property=\"og:type\" content=\"article\" \/>\n<meta property=\"og:title\" content=\"La bella Julieta - Empresas asociadas a la ACEV\" \/>\n<meta property=\"og:description\" content=\"Nuestra Historia La Bella Julieta nace de la mano de Eva Mostazo y Carlos P\u00e9rez, cuando ten\u00edan 23 y 25 a\u00f1os. Nunca se tuvo como objetivo abrir mas de una cafeter\u00eda, esto no era un proyecto ambicioso sino un deseo de renovar y mejorar la oferta de desayunos y meriendas de nuestra zona. La creatividad [&hellip;]\" \/>\n<meta property=\"og:url\" content=\"https:\/\/empresariosvelez.com\/directorio\/listing\/la-bella-julieta\/\" \/>\n<meta property=\"og:site_name\" content=\"Empresas asociadas a la ACEV\" \/>\n<meta property=\"article:publisher\" content=\"https:\/\/www.facebook.com\/ACEVempresariosvelez\" \/>\n<meta property=\"article:modified_time\" content=\"2022-09-21T10:59:18+00:00\" \/>\n<meta property=\"og:image\" content=\"https:\/\/empresariosvelez.com\/directorio\/wp-content\/uploads\/2021\/12\/294081857_5520168084694299_2276721471708996932_n.jpg\" \/>\n\t<meta property=\"og:image:width\" content=\"1440\" \/>\n\t<meta property=\"og:image:height\" content=\"960\" \/>\n\t<meta property=\"og:image:type\" content=\"image\/jpeg\" \/>\n<meta name=\"twitter:card\" content=\"summary_large_image\" \/>\n<meta name=\"twitter:site\" content=\"@empresariosvlz\" \/>\n<meta name=\"twitter:label1\" content=\"Tiempo de lectura\" \/>\n\t<meta name=\"twitter:data1\" content=\"1 minuto\" \/>\n<script type=\"application\/ld+json\" class=\"yoast-schema-graph\">{\"@context\":\"https:\/\/schema.org\",\"@graph\":[{\"@type\":\"WebPage\",\"@id\":\"https:\/\/empresariosvelez.com\/directorio\/listing\/la-bella-julieta\/\",\"url\":\"https:\/\/empresariosvelez.com\/directorio\/listing\/la-bella-julieta\/\",\"name\":\"La bella Julieta - Empresas asociadas a la ACEV\",\"isPartOf\":{\"@id\":\"https:\/\/empresariosvelez.com\/directorio\/#website\"},\"primaryImageOfPage\":{\"@id\":\"https:\/\/empresariosvelez.com\/directorio\/listing\/la-bella-julieta\/#primaryimage\"},\"image\":{\"@id\":\"https:\/\/empresariosvelez.com\/directorio\/listing\/la-bella-julieta\/#primaryimage\"},\"thumbnailUrl\":\"https:\/\/empresariosvelez.com\/directorio\/wp-content\/uploads\/2021\/12\/294081857_5520168084694299_2276721471708996932_n.jpg\",\"datePublished\":\"2021-12-20T12:02:17+00:00\",\"dateModified\":\"2022-09-21T10:59:18+00:00\",\"breadcrumb\":{\"@id\":\"https:\/\/empresariosvelez.com\/directorio\/listing\/la-bella-julieta\/#breadcrumb\"},\"inLanguage\":\"es\",\"potentialAction\":[{\"@type\":\"ReadAction\",\"target\":[\"https:\/\/empresariosvelez.com\/directorio\/listing\/la-bella-julieta\/\"]}]},{\"@type\":\"ImageObject\",\"inLanguage\":\"es\",\"@id\":\"https:\/\/empresariosvelez.com\/directorio\/listing\/la-bella-julieta\/#primaryimage\",\"url\":\"https:\/\/empresariosvelez.com\/directorio\/wp-content\/uploads\/2021\/12\/294081857_5520168084694299_2276721471708996932_n.jpg\",\"contentUrl\":\"https:\/\/empresariosvelez.com\/directorio\/wp-content\/uploads\/2021\/12\/294081857_5520168084694299_2276721471708996932_n.jpg\",\"width\":1440,\"height\":960},{\"@type\":\"BreadcrumbList\",\"@id\":\"https:\/\/empresariosvelez.com\/directorio\/listing\/la-bella-julieta\/#breadcrumb\",\"itemListElement\":[{\"@type\":\"ListItem\",\"position\":1,\"name\":\"Portada\",\"item\":\"https:\/\/empresariosvelez.com\/directorio\/\"},{\"@type\":\"ListItem\",\"position\":2,\"name\":\"Listings\",\"item\":\"https:\/\/empresariosvelez.com\/directorio\/jobs\/\"},{\"@type\":\"ListItem\",\"position\":3,\"name\":\"La bella Julieta\"}]},{\"@type\":\"WebSite\",\"@id\":\"https:\/\/empresariosvelez.com\/directorio\/#website\",\"url\":\"https:\/\/empresariosvelez.com\/directorio\/\",\"name\":\"Empresas asociadas a la ACEV\",\"description\":\"Todo lo que necesitas, cerca de t\u00ed\",\"publisher\":{\"@id\":\"https:\/\/empresariosvelez.com\/directorio\/#organization\"},\"potentialAction\":[{\"@type\":\"SearchAction\",\"target\":{\"@type\":\"EntryPoint\",\"urlTemplate\":\"https:\/\/empresariosvelez.com\/directorio\/?s={search_term_string}\"},\"query-input\":{\"@type\":\"PropertyValueSpecification\",\"valueRequired\":true,\"valueName\":\"search_term_string\"}}],\"inLanguage\":\"es\"},{\"@type\":\"Organization\",\"@id\":\"https:\/\/empresariosvelez.com\/directorio\/#organization\",\"name\":\"Asociaci\u00f3n de Empresarios de V\u00e9lez-M\u00e1laga\",\"url\":\"https:\/\/empresariosvelez.com\/directorio\/\",\"logo\":{\"@type\":\"ImageObject\",\"inLanguage\":\"es\",\"@id\":\"https:\/\/empresariosvelez.com\/directorio\/#\/schema\/logo\/image\/\",\"url\":\"https:\/\/empresariosvelez.com\/directorio\/wp-content\/uploads\/2021\/02\/logo-acev-blanco-194.png\",\"contentUrl\":\"https:\/\/empresariosvelez.com\/directorio\/wp-content\/uploads\/2021\/02\/logo-acev-blanco-194.png\",\"width\":194,\"height\":76,\"caption\":\"Asociaci\u00f3n de Empresarios de V\u00e9lez-M\u00e1laga\"},\"image\":{\"@id\":\"https:\/\/empresariosvelez.com\/directorio\/#\/schema\/logo\/image\/\"},\"sameAs\":[\"https:\/\/www.facebook.com\/ACEVempresariosvelez\",\"https:\/\/x.com\/empresariosvlz\",\"https:\/\/www.instagram.com\/empresariosvelez\/\",\"https:\/\/www.linkedin.com\/company\/asociacion-de-empresarios-de-velez-malaga-acev\/\"]}]}<\/script>\n<!-- \/ Yoast SEO plugin. -->","yoast_head_json":{"title":"La bella Julieta - Empresas asociadas a la ACEV","robots":{"index":"index","follow":"follow","max-snippet":"max-snippet:-1","max-image-preview":"max-image-preview:large","max-video-preview":"max-video-preview:-1"},"canonical":"https:\/\/empresariosvelez.com\/directorio\/listing\/la-bella-julieta\/","og_locale":"es_ES","og_type":"article","og_title":"La bella Julieta - Empresas asociadas a la ACEV","og_description":"Nuestra Historia La Bella Julieta nace de la mano de Eva Mostazo y Carlos P\u00e9rez, cuando ten\u00edan 23 y 25 a\u00f1os. Nunca se tuvo como objetivo abrir mas de una cafeter\u00eda, esto no era un proyecto ambicioso sino un deseo de renovar y mejorar la oferta de desayunos y meriendas de nuestra zona. La creatividad [&hellip;]","og_url":"https:\/\/empresariosvelez.com\/directorio\/listing\/la-bella-julieta\/","og_site_name":"Empresas asociadas a la ACEV","article_publisher":"https:\/\/www.facebook.com\/ACEVempresariosvelez","article_modified_time":"2022-09-21T10:59:18+00:00","og_image":[{"width":1440,"height":960,"url":"https:\/\/empresariosvelez.com\/directorio\/wp-content\/uploads\/2021\/12\/294081857_5520168084694299_2276721471708996932_n.jpg","type":"image\/jpeg"}],"twitter_card":"summary_large_image","twitter_site":"@empresariosvlz","twitter_misc":{"Tiempo de lectura":"1 minuto"},"schema":{"@context":"https:\/\/schema.org","@graph":[{"@type":"WebPage","@id":"https:\/\/empresariosvelez.com\/directorio\/listing\/la-bella-julieta\/","url":"https:\/\/empresariosvelez.com\/directorio\/listing\/la-bella-julieta\/","name":"La bella Julieta - Empresas asociadas a la ACEV","isPartOf":{"@id":"https:\/\/empresariosvelez.com\/directorio\/#website"},"primaryImageOfPage":{"@id":"https:\/\/empresariosvelez.com\/directorio\/listing\/la-bella-julieta\/#primaryimage"},"image":{"@id":"https:\/\/empresariosvelez.com\/directorio\/listing\/la-bella-julieta\/#primaryimage"},"thumbnailUrl":"https:\/\/empresariosvelez.com\/directorio\/wp-content\/uploads\/2021\/12\/294081857_5520168084694299_2276721471708996932_n.jpg","datePublished":"2021-12-20T12:02:17+00:00","dateModified":"2022-09-21T10:59:18+00:00","breadcrumb":{"@id":"https:\/\/empresariosvelez.com\/directorio\/listing\/la-bella-julieta\/#breadcrumb"},"inLanguage":"es","potentialAction":[{"@type":"ReadAction","target":["https:\/\/empresariosvelez.com\/directorio\/listing\/la-bella-julieta\/"]}]},{"@type":"ImageObject","inLanguage":"es","@id":"https:\/\/empresariosvelez.com\/directorio\/listing\/la-bella-julieta\/#primaryimage","url":"https:\/\/empresariosvelez.com\/directorio\/wp-content\/uploads\/2021\/12\/294081857_5520168084694299_2276721471708996932_n.jpg","contentUrl":"https:\/\/empresariosvelez.com\/directorio\/wp-content\/uploads\/2021\/12\/294081857_5520168084694299_2276721471708996932_n.jpg","width":1440,"height":960},{"@type":"BreadcrumbList","@id":"https:\/\/empresariosvelez.com\/directorio\/listing\/la-bella-julieta\/#breadcrumb","itemListElement":[{"@type":"ListItem","position":1,"name":"Portada","item":"https:\/\/empresariosvelez.com\/directorio\/"},{"@type":"ListItem","position":2,"name":"Listings","item":"https:\/\/empresariosvelez.com\/directorio\/jobs\/"},{"@type":"ListItem","position":3,"name":"La bella Julieta"}]},{"@type":"WebSite","@id":"https:\/\/empresariosvelez.com\/directorio\/#website","url":"https:\/\/empresariosvelez.com\/directorio\/","name":"Empresas asociadas a la ACEV","description":"Todo lo que necesitas, cerca de t\u00ed","publisher":{"@id":"https:\/\/empresariosvelez.com\/directorio\/#organization"},"potentialAction":[{"@type":"SearchAction","target":{"@type":"EntryPoint","urlTemplate":"https:\/\/empresariosvelez.com\/directorio\/?s={search_term_string}"},"query-input":{"@type":"PropertyValueSpecification","valueRequired":true,"valueName":"search_term_string"}}],"inLanguage":"es"},{"@type":"Organization","@id":"https:\/\/empresariosvelez.com\/directorio\/#organization","name":"Asociaci\u00f3n de Empresarios de V\u00e9lez-M\u00e1laga","url":"https:\/\/empresariosvelez.com\/directorio\/","logo":{"@type":"ImageObject","inLanguage":"es","@id":"https:\/\/empresariosvelez.com\/directorio\/#\/schema\/logo\/image\/","url":"https:\/\/empresariosvelez.com\/directorio\/wp-content\/uploads\/2021\/02\/logo-acev-blanco-194.png","contentUrl":"https:\/\/empresariosvelez.com\/directorio\/wp-content\/uploads\/2021\/02\/logo-acev-blanco-194.png","width":194,"height":76,"caption":"Asociaci\u00f3n de Empresarios de V\u00e9lez-M\u00e1laga"},"image":{"@id":"https:\/\/empresariosvelez.com\/directorio\/#\/schema\/logo\/image\/"},"sameAs":["https:\/\/www.facebook.com\/ACEVempresariosvelez","https:\/\/x.com\/empresariosvlz","https:\/\/www.instagram.com\/empresariosvelez\/","https:\/\/www.linkedin.com\/company\/asociacion-de-empresarios-de-velez-malaga-acev\/"]}]}},"_links":{"self":[{"href":"https:\/\/empresariosvelez.com\/directorio\/wp-json\/wp\/v2\/job-listings\/11548","targetHints":{"allow":["GET"]}}],"collection":[{"href":"https:\/\/empresariosvelez.com\/directorio\/wp-json\/wp\/v2\/job-listings"}],"about":[{"href":"https:\/\/empresariosvelez.com\/directorio\/wp-json\/wp\/v2\/types\/job_listing"}],"replies":[{"embeddable":true,"href":"https:\/\/empresariosvelez.com\/directorio\/wp-json\/wp\/v2\/comments?post=11548"}],"wp:featuredmedia":[{"embeddable":true,"href":"https:\/\/empresariosvelez.com\/directorio\/wp-json\/wp\/v2\/media\/12075"}],"wp:attachment":[{"href":"https:\/\/empresariosvelez.com\/directorio\/wp-json\/wp\/v2\/media?parent=11548"}],"wp:term":[{"taxonomy":"job_listing_region","embeddable":true,"href":"https:\/\/empresariosvelez.com\/directorio\/wp-json\/wp\/v2\/listing_regions?post=11548"},{"taxonomy":"job_listing_category","embeddable":true,"href":"https:\/\/empresariosvelez.com\/directorio\/wp-json\/wp\/v2\/listing_categories?post=11548"},{"taxonomy":"job_listing_amenity","embeddable":true,"href":"https:\/\/empresariosvelez.com\/directorio\/wp-json\/wp\/v2\/listing_amenities?post=11548"}],"curies":[{"name":"wp","href":"https:\/\/api.w.org\/{rel}","templated":true}]}}